{"id":540,"date":"2022-10-17T14:17:33","date_gmt":"2022-10-17T14:17:33","guid":{"rendered":"https:\/\/www.airsuspension.be\/?page_id=540"},"modified":"2024-01-31T10:58:45","modified_gmt":"2024-01-31T10:58:45","slug":"vito","status":"publish","type":"page","link":"https:\/\/www.airsuspension.be\/fr\/vind-uw-voertuig\/mercedes\/vito\/","title":{"rendered":"Vito"},"content":{"rendered":"<div id=\"fws_69f5bfa481825\"  data-column-margin=\"default\" data-midnight=\"light\" data-top-percent=\"7%\" data-bottom-percent=\"7%\"  class=\"wpb_row vc_row-fluid vc_row full-width-section\"  style=\"padding-top: calc(100vw * 0.07); padding-bottom: calc(100vw * 0.07); \"><div class=\"row-bg-wrap\" data-bg-animation=\"none\" data-bg-animation-delay=\"\" data-bg-overlay=\"true\"><div class=\"inner-wrap row-bg-layer using-image\" ><div class=\"row-bg viewport-desktop using-image using-bg-color\"  style=\"background-image: url(https:\/\/www.airsuspension.be\/wp-content\/uploads\/2022\/10\/e32e063d92c3.png); background-position: center center; background-repeat: no-repeat; background-color: #88b943; \"><\/div><\/div><div class=\"row-bg-overlay row-bg-layer\" style=\"background: #006ca7; background: linear-gradient(90deg,#006ca7 0%,rgba(136,185,67,0.5) 100%);  opacity: 0.8; \"><\/div><\/div><div class=\"row_col_wrap_12 col span_12 light left\">\n\t<div  class=\"vc_col-sm-12 wpb_column column_container vc_column_container col centered-text no-extra-padding inherit_tablet inherit_phone\"  data-padding-pos=\"all\" data-has-bg-color=\"false\" data-bg-color=\"\" data-bg-opacity=\"1\" data-animation=\"\" data-delay=\"0\" >\n\t\t<div class=\"vc_column-inner\" >\n\t\t\t<div class=\"wpb_wrapper\">\n\t\t\t\t\n<div class=\"wpb_text_column wpb_content_element\" >\n\t<div class=\"wpb_wrapper\">\n\t\t<h2>Mercedes Vito<\/h2>\n\t<\/div>\n<\/div>\n\n\n\n<div class=\"nectar-cta  alignment_tablet_default alignment_phone_default display_tablet_inherit display_phone_inherit\" data-color=\"default\" data-using-bg=\"false\" data-display=\"block\" data-style=\"underline\" data-alignment=\"center\" data-text-color=\"std\" ><h6> <span class=\"link_wrap\" ><a  class=\"link_text\"  href=\"https:\/\/www.airsuspension.be\/fr\/vind-uw-voertuig\/\">Retournez \u00e0 trouver votre v\u00e9hicule<\/a><\/span><\/h6><\/div>\n\t\t\t<\/div> \n\t\t<\/div>\n\t<\/div> \n<\/div><\/div>\n\t\t<div id=\"about\"  data-column-margin=\"90px\" data-midnight=\"dark\" data-top-percent=\"4%\" data-bottom-percent=\"4%\"  class=\"wpb_row vc_row-fluid vc_row vc_row-o-equal-height vc_row-flex vc_row-o-content-middle  reverse_columns_column_phone\"  style=\"padding-top: calc(100vw * 0.04); padding-bottom: calc(100vw * 0.04); \"><div class=\"row-bg-wrap\" data-bg-animation=\"none\" data-bg-animation-delay=\"\" data-bg-overlay=\"false\"><div class=\"inner-wrap row-bg-layer\" ><div class=\"row-bg viewport-desktop\"  style=\"\"><\/div><\/div><\/div><div class=\"row_col_wrap_12 col span_12 dark left\">\n\t<div  class=\"vc_col-sm-6 wpb_column column_container vc_column_container col padding-5-percent inherit_tablet inherit_phone\"  data-padding-pos=\"all\" data-has-bg-color=\"false\" data-bg-color=\"\" data-bg-opacity=\"1\" data-animation=\"\" data-delay=\"0\" >\n\t\t<div class=\"vc_column-inner\" >\n\t\t\t<div class=\"wpb_wrapper\">\n\t\t\t\t\n\t<div class=\"wpb_gallery wpb_content_element clearfix\">\n\t\t<div class=\"wpb_wrapper\"><div class=\"wpb_gallery_slidesflickity_static_height_style\" data-onclick=\"link_no\" data-interval=\"5\"><style>.wpb_gallery_slidesflickity_static_height_style .nectar-flickity.instace-69f5bfa4839f2:not(.masonry) .flickity-slider .cell img {\n      height: 500px;\n    }\n    @media only screen and (max-width: 1300px) {\n      .wpb_gallery_slidesflickity_static_height_style .nectar-flickity.instace-69f5bfa4839f2:not(.masonry) .flickity-slider .cell img {\n        height: 400px;\n      }\n    }\n    @media only screen and (max-width: 1000px) {\n      .wpb_gallery_slidesflickity_static_height_style .nectar-flickity.instace-69f5bfa4839f2:not(.masonry) .flickity-slider .cell img {\n        height: 350px;\n      }\n    }\n    @media only screen and (max-width: 690px) {\n      .wpb_gallery_slidesflickity_static_height_style .nectar-flickity.instace-69f5bfa4839f2:not(.masonry) .flickity-slider .cell img {\n        height: 300px;\n      }\n    }<\/style><div class=\"nectar-flickity not-initialized instace-69f5bfa4839f2\"  data-touch-icon-color=\"default\" data-drag-scale=\"\" data-overflow=\"hidden\" data-wrap=\"wrap\" data-spacing=\"default\" data-shadow=\"none\" data-autoplay=\"\" data-autoplay-dur=\"\" data-free-scroll=\"\" data-controls=\"pagination\"><div class=\"flickity-viewport\"> <div class=\"flickity-slider\"><div class=\"cell\" data-lazy=\"false\"><img loading=\"lazy\" decoding=\"async\" width=\"300\" height=\"300\" src=\"https:\/\/www.airsuspension.be\/wp-content\/uploads\/2024\/01\/Luchtvering-Mercedes-Vito-Vklasse.jpg\" class=\"skip-lazy nectar-lazy attachment-large\" alt=\"Luchtvering Mercedes V-Klasse - Mercedes Vito\" title=\"Luchtvering Mercedes Vito Vklasse\" srcset=\"https:\/\/www.airsuspension.be\/wp-content\/uploads\/2024\/01\/Luchtvering-Mercedes-Vito-Vklasse.jpg 300w, https:\/\/www.airsuspension.be\/wp-content\/uploads\/2024\/01\/Luchtvering-Mercedes-Vito-Vklasse-150x150.jpg 150w, https:\/\/www.airsuspension.be\/wp-content\/uploads\/2024\/01\/Luchtvering-Mercedes-Vito-Vklasse-12x12.jpg 12w, https:\/\/www.airsuspension.be\/wp-content\/uploads\/2024\/01\/Luchtvering-Mercedes-Vito-Vklasse-100x100.jpg 100w, https:\/\/www.airsuspension.be\/wp-content\/uploads\/2024\/01\/Luchtvering-Mercedes-Vito-Vklasse-140x140.jpg 140w\" sizes=\"auto, (max-width: 300px) 100vw, 300px\" \/><\/div><div class=\"cell\" data-lazy=\"false\"><img loading=\"lazy\" decoding=\"async\" width=\"768\" height=\"1024\" src=\"https:\/\/www.airsuspension.be\/wp-content\/uploads\/2024\/01\/IMG_3786-003-768x1024.jpg\" class=\"skip-lazy nectar-lazy attachment-large\" alt=\"Fiat Ducato luchtvering\" title=\"luchtvering Fiat Ducato camper\" srcset=\"https:\/\/www.airsuspension.be\/wp-content\/uploads\/2024\/01\/IMG_3786-003-768x1024.jpg 768w, https:\/\/www.airsuspension.be\/wp-content\/uploads\/2024\/01\/IMG_3786-003-225x300.jpg 225w, https:\/\/www.airsuspension.be\/wp-content\/uploads\/2024\/01\/IMG_3786-003-1152x1536.jpg 1152w, https:\/\/www.airsuspension.be\/wp-content\/uploads\/2024\/01\/IMG_3786-003-9x12.jpg 9w, https:\/\/www.airsuspension.be\/wp-content\/uploads\/2024\/01\/IMG_3786-003-rotated.jpg 1512w\" sizes=\"auto, (max-width: 768px) 100vw, 768px\" \/><\/div><div class=\"cell\" data-lazy=\"false\"><img loading=\"lazy\" decoding=\"async\" width=\"300\" height=\"300\" src=\"https:\/\/www.airsuspension.be\/wp-content\/uploads\/2022\/10\/fullairducato1.jpeg\" class=\"skip-lazy nectar-lazy attachment-large\" alt=\"\" title=\"fullairducato1\" srcset=\"https:\/\/www.airsuspension.be\/wp-content\/uploads\/2022\/10\/fullairducato1.jpeg 300w, https:\/\/www.airsuspension.be\/wp-content\/uploads\/2022\/10\/fullairducato1-150x150.jpeg 150w, https:\/\/www.airsuspension.be\/wp-content\/uploads\/2022\/10\/fullairducato1-100x100.jpeg 100w, https:\/\/www.airsuspension.be\/wp-content\/uploads\/2022\/10\/fullairducato1-140x140.jpeg 140w\" sizes=\"auto, (max-width: 300px) 100vw, 300px\" \/><\/div><div class=\"cell\" data-lazy=\"false\"><img loading=\"lazy\" decoding=\"async\" width=\"1024\" height=\"576\" src=\"https:\/\/www.airsuspension.be\/wp-content\/uploads\/2022\/10\/d463f3a21406.png\" class=\"skip-lazy nectar-lazy attachment-large\" alt=\"luchtvering\" title=\"luchtvering\" srcset=\"https:\/\/www.airsuspension.be\/wp-content\/uploads\/2022\/10\/d463f3a21406.png 1024w, https:\/\/www.airsuspension.be\/wp-content\/uploads\/2022\/10\/d463f3a21406-300x169.png 300w, https:\/\/www.airsuspension.be\/wp-content\/uploads\/2022\/10\/d463f3a21406-768x432.png 768w\" sizes=\"auto, (max-width: 1024px) 100vw, 1024px\" \/><\/div><\/div><\/div><\/div><\/div>\n\t\t<\/div> \n\t<\/div> \n\t\t\t<\/div> \n\t\t<\/div>\n\t<\/div> \n\n\t<div  class=\"vc_col-sm-6 wpb_column column_container vc_column_container col padding-2-percent inherit_tablet inherit_phone\"  data-padding-pos=\"top-bottom\" data-has-bg-color=\"false\" data-bg-color=\"\" data-bg-opacity=\"1\" data-animation=\"\" data-delay=\"0\" >\n\t\t<div class=\"vc_column-inner\" >\n\t\t\t<div class=\"wpb_wrapper\">\n\t\t\t\t<div class=\"nectar-split-heading\" data-align=\"default\" data-m-align=\"inherit\" data-text-effect=\"default\" data-animation-type=\"line-reveal-by-space\" data-animation-delay=\"0\" data-animation-offset=\"\" data-m-rm-animation=\"\" data-stagger=\"\" data-custom-font-size=\"false\" ><h3 style=\"max-width: 500px;\">Volautomatische luchtvering voor Mercedes-Benz Vito<\/h3><\/div>\n<div class=\"wpb_text_column wpb_content_element  vc_custom_1666016826320\" >\n\t<div class=\"wpb_wrapper\">\n\t\t<p>Dankzij kwalitatieve luchtvering in een Mercedes geniet u van beter rijcomfort, en dat is heel wat waard. Een Mercedes-Benz V-Klasse kan door Trapmann Air suspension worden uitgerust met een achteras- of vooras volautomatische luchtvering. Wat houdt deze luchtvering precies in en wat kunnen wij u bieden?<\/p>\n\t<\/div>\n<\/div>\n\n\n\n<div class=\"nectar-split-heading\" data-align=\"default\" data-m-align=\"inherit\" data-text-effect=\"default\" data-animation-type=\"line-reveal-by-space\" data-animation-delay=\"0\" data-animation-offset=\"\" data-m-rm-animation=\"\" data-stagger=\"\" data-custom-font-size=\"false\" ><h4 style=\"max-width: 500px;\">De beste luchtvering voor uw Mercedes<\/h4><\/div>\n<div class=\"wpb_text_column wpb_content_element  vc_custom_1666016857255\" >\n\t<div class=\"wpb_wrapper\">\n\t\t<p>Een Mercedes is een klassewagen, dus daarbij hoort ook kwalitatieve luchtvering! Bij Trapmann Air Suspension in Kontich wordt de bestaande schroefvering vervangen door een compleet luchtveersysteem. Dankzij een FullAir filter worden oneffenheden in het wegdek geneutraliseerd. Het resultaat? U geniet van een groter rijcomfort. De grootste troef van dit volautomatische luchtveersysteem is natuurlijk dat alles vanzelf gaat. Tijdens het rijden wordt de vering door het systeem afgesteld op basis van de gekozen rijhoogte. Ook kan uw Mercedes uitgerust worden met een 2C luchtvering voor de achteras of een 4C systeem op de achteras \u00e9n vooras.<\/p>\n\t<\/div>\n<\/div>\n\n\n\n<div class=\"nectar-split-heading\" data-align=\"default\" data-m-align=\"inherit\" data-text-effect=\"default\" data-animation-type=\"line-reveal-by-space\" data-animation-delay=\"0\" data-animation-offset=\"\" data-m-rm-animation=\"\" data-stagger=\"\" data-custom-font-size=\"false\" ><h4 style=\"max-width: 500px;\">Avantages de la suspension pneumatique<\/h4><\/div>\n<div class=\"wpb_text_column wpb_content_element  vc_custom_1666016913781\" >\n\t<div class=\"wpb_wrapper\">\n\t\t<p>Dankzij de mogelijkheid om de instap- en laadplatformhoogte bij stilstand manueel aan te passen, maken we het u nog makkelijker. U geniet dankzij luchtvering in uw Mercedes bovendien van een betere wegligging, geen onderhoud, rijveiligheid en meer!<\/p>\n\t<\/div>\n<\/div>\n\n\n\n\n\t\t\t<\/div> \n\t\t<\/div>\n\t<\/div> \n<\/div><\/div>\n\t\t<div id=\"fws_69f5bfa487165\"  data-column-margin=\"default\" data-midnight=\"dark\"  class=\"wpb_row vc_row-fluid vc_row\"  style=\"padding-top: 0px; padding-bottom: 0px; \"><div class=\"row-bg-wrap\" data-bg-animation=\"none\" data-bg-animation-delay=\"\" data-bg-overlay=\"false\"><div class=\"inner-wrap row-bg-layer\" ><div class=\"row-bg viewport-desktop\"  style=\"\"><\/div><\/div><\/div><div class=\"row_col_wrap_12 col span_12 dark left\">\n\t<div  class=\"vc_col-sm-12 wpb_column column_container vc_column_container col no-extra-padding inherit_tablet inherit_phone\"  data-padding-pos=\"all\" data-has-bg-color=\"false\" data-bg-color=\"\" data-bg-opacity=\"1\" data-animation=\"\" data-delay=\"0\" >\n\t\t<div class=\"vc_column-inner\" >\n\t\t\t<div class=\"wpb_wrapper\">\n\t\t\t\t<div class=\"divider-wrap\" data-alignment=\"center\"><div style=\"margin-top: 50px; width: 20%px; height: 1px; margin-bottom: 50px;\" data-width=\"20%\" data-animate=\"yes\" data-animation-delay=\"\" data-color=\"accent-color\" class=\"divider-small-border\"><\/div><\/div>\n\t\t\t<\/div> \n\t\t<\/div>\n\t<\/div> \n<\/div><\/div>\n\t\t<div id=\"fws_69f5bfa487dc2\"  data-column-margin=\"none\" data-midnight=\"dark\"  class=\"wpb_row vc_row-fluid vc_row full-width-section\"  style=\"padding-top: 0px; padding-bottom: 150px; \"><div class=\"row-bg-wrap\" data-bg-animation=\"none\" data-bg-animation-delay=\"\" data-bg-overlay=\"false\"><div class=\"inner-wrap row-bg-layer\" ><div class=\"row-bg viewport-desktop\"  style=\"\"><\/div><\/div><\/div><div class=\"nectar-shape-divider-wrap\" style=\" height:200px;\"  data-height=\"200\" data-front=\"\" data-style=\"straight_section\" data-position=\"bottom\" ><svg class=\"nectar-shape-divider\" aria-hidden=\"true\" fill=\"#88b943\" xmlns=\"http:\/\/www.w3.org\/2000\/svg\" viewbox=\"0 0 100 10\" preserveaspectratio=\"none\"> <polygon points=\"104 10, 104 0, 0 0, 0 10\"><\/polygon> <\/svg><\/div><div class=\"row_col_wrap_12 col span_12 dark left\">\n\t<div  class=\"vc_col-sm-12 wpb_column column_container vc_column_container col has-animation no-extra-padding inherit_tablet inherit_phone\"  data-shadow=\"large_depth\" data-padding-pos=\"all\" data-has-bg-color=\"false\" data-bg-color=\"\" data-bg-opacity=\"1\" data-animation=\"fade-in-from-bottom\" data-delay=\"0\" >\n\t\t<div class=\"vc_column-inner\" ><div class=\"column-bg-overlay-wrap column-bg-layer\" data-bg-animation=\"none\"><div class=\"column-bg-overlay\"><\/div><\/div>\n\t\t\t<div class=\"wpb_wrapper\">\n\t\t\t\t<div id=\"fws_69f5bfa4886ea\" data-midnight=\"\" data-column-margin=\"none\" class=\"wpb_row vc_row-fluid vc_row inner_row vc_row-o-equal-height vc_row-flex\"  style=\"\"><div class=\"row-bg-wrap\"> <div class=\"row-bg\" ><\/div> <\/div><div class=\"row_col_wrap_12_inner col span_12  left\">\n\t<div style=\"\" class=\"vc_col-sm-6 wpb_column column_container vc_column_container col child_column padding-5-percent inherit_tablet inherit_phone\"  data-using-bg=\"true\" data-padding-pos=\"all\" data-has-bg-color=\"true\" data-bg-color=\"#ededed\" data-bg-opacity=\"1\" data-animation=\"\" data-delay=\"0\" >\n\t\t<div class=\"vc_column-inner\" ><div class=\"column-bg-overlay-wrap column-bg-layer\" data-bg-animation=\"none\"><div class=\"column-bg-overlay\" style=\"opacity: 1; background-color: #ededed;\"><\/div><\/div>\n\t\t<div class=\"wpb_wrapper\">\n\t\t\t\n<div class=\"wpb_text_column wpb_content_element\" >\n\t<div class=\"wpb_wrapper\">\n\t\t<h2>Questions fr\u00e9quentes<\/h2>\n\t<\/div>\n<\/div>\n\n\n\n<div class=\"toggles\" data-br=\"none\" data-starting=\"default\" data-style=\"default\"><div class=\"toggle extra-color-1\" data-inner-wrap=\"true\"><h3 class=\"toggle-title\"><a href=\"#\" class=\"nectar-inherit-h6 toggle-heading\"><i class=\"fa fa-plus-circle\"><\/i>Quels sont les avantages de la suspension pneumatique par rapport \u00e0 la suspension standard\u00a0?<\/a><\/h3><div><div class=\"inner-toggle-wrap\">\n<div class=\"wpb_text_column wpb_content_element\" >\n\t<div class=\"wpb_wrapper\">\n\t\t<p><i>\u2013 meilleur confort de conduite dans toutes les conditions<\/i><br \/>\n\u2013 beaucoup plus s\u00fbr lorsque le v\u00e9hicule roule charg\u00e9<br \/>\n\u2013 \u00e9limination automatique de l'inclinaison du v\u00e9hicule<br \/>\n\u2013 vous pouvez r\u00e9gler la hauteur via la t\u00e9l\u00e9commande afin de pouvoir, par exemple, charger et d\u00e9charger plus facilement<br \/>\n\u2013 pas d'entretien sur la suspension pneumatique<br \/>\n\u2013 maintien de la garantie de l'importateur d'origine<br \/>\n- facile \u00e0 utiliser<\/p>\n\t<\/div>\n<\/div>\n\n\n\n<\/div><\/div><\/div><div class=\"toggle extra-color-1\" data-inner-wrap=\"true\"><h3 class=\"toggle-title\"><a href=\"#\" class=\"toggle-heading\"><i class=\"fa fa-plus-circle\"><\/i>Peut-on placer une suspension pneumatique sur tous les v\u00e9hicules?<\/a><\/h3><div><div class=\"inner-toggle-wrap\">\n<div class=\"wpb_text_column wpb_content_element\" >\n\t<div class=\"wpb_wrapper\">\n\t\t<p><span lang=\"NL-BE\">Non, le fabriquant ne d\u00e9veloppe les syst\u00e8mes que s\u2019il y a suffisamment de demandes. Pour la plupart des pick-up, des camionnettes et des combis des suspensions pneumatiques sont d\u00e9velopp\u00e9es. Votre v\u00e9hicule peut-il \u00eatre \u00e9quip\u00e9 d\u2019une suspension pneumatique ?<\/span><\/p>\n<p><span lang=\"NL-BE\">Cliquez<strong> <a href=\"https:\/\/www.airsuspension.be\/nl\/lcv-n-minibus\/jouw-oplossing\">ici<\/a>\u00a0<\/strong>pour trouver votre solution<\/span><\/p>\n\t<\/div>\n<\/div>\n\n\n\n<\/div><\/div><\/div><div class=\"toggle extra-color-1\" data-inner-wrap=\"true\"><h3 class=\"toggle-title\"><a href=\"#\" class=\"toggle-heading\"><i class=\"fa fa-plus-circle\"><\/i>Quelle est la diff\u00e9rence entre une suspension pneumatique additionnelle et une full automatique ?<\/a><\/h3><div><div class=\"inner-toggle-wrap\">\n<div class=\"wpb_text_column wpb_content_element\" >\n\t<div class=\"wpb_wrapper\">\n\t\t<p><span lang=\"NL-BE\">Une suspension pneumatique additionnelle est r\u00e9alis\u00e9e en ajoutant un coussin de suspension de chaque c\u00f4t\u00e9, en suppl\u00e9ment \u00e0 la suspension d\u2019origine du v\u00e9hicule.<br \/>\nCette suspension additionnelle est limit\u00e9e dans ses applications et n\u2019a d\u2019effet que lorsque le v\u00e9hicule est charg\u00e9.<br \/>\nLe pilotage de la suspension est r\u00e9alis\u00e9 manuellement par le conducteur<\/span><\/p>\n<p><span lang=\"NL-BE\">Dans le cas d\u2019une suspension pneumatique full automatique, la suspension d\u2019origine est compl\u00e8tement remplac\u00e9e par la suspension pneumatique. Tout est automatique et le confort est am\u00e9lior\u00e9 dans toutes les situations de conduite. Un boitier avec un compresseur est install\u00e9 sous le v\u00e9hicule.<br \/>\nAlles gebeurt automatisch, u hoeft zelf niets te doen. Via de afstandsbediening in de bestuurdersruimte kan de hoogte manueel aanpassen om zo bvb gemakkelijker in en uit te laden.<\/span><\/p>\n\t<\/div>\n<\/div>\n\n\n\n<\/div><\/div><\/div><div class=\"toggle extra-color-1\" data-inner-wrap=\"true\"><h3 class=\"toggle-title\"><a href=\"#\" class=\"toggle-heading\"><i class=\"fa fa-plus-circle\"><\/i>Quand dois-je choisir une suspension pneumatique additionnelle ? (SemiAir)<\/a><\/h3><div><div class=\"inner-toggle-wrap\">\n<div class=\"wpb_text_column wpb_content_element\" >\n\t<div class=\"wpb_wrapper\">\n\t\t<p>Si la suspension de votre v\u00e9hicule semble s\u2019\u00e9craser anormalement lorsqu\u2019il est charg\u00e9, vous pouvez apporter une solution avec une suspension pneumatique additionnelle qui vous permettra de r\u00e9gler vous-m\u00eame la hauteur de chaque c\u00f4t\u00e9. Ce syst\u00e8me simple est bon march\u00e9 mais ses applications sont limit\u00e9es.<\/p>\n\t<\/div>\n<\/div>\n\n\n\n<\/div><\/div><\/div><div class=\"toggle extra-color-1\" data-inner-wrap=\"true\"><h3 class=\"toggle-title\"><a href=\"#\" class=\"toggle-heading\"><i class=\"fa fa-plus-circle\"><\/i>Quand dois-je choisir une suspension pneumatique full automatique ? (FullAir)<\/a><\/h3><div><div class=\"inner-toggle-wrap\">\n<div class=\"wpb_text_column wpb_content_element\" >\n\t<div class=\"wpb_wrapper\">\n\t\t<p>Si vous souhaitez am\u00e9liorer le confort de votre v\u00e9hicule en toutes circonstances. La suspension pneumatique full automatique adaptera l\u2019assiette (l\u2019horizontalit\u00e9) du v\u00e9hicule en permanence, que le v\u00e9hicule soit ou non charg\u00e9.\nLa tenue de route est d\u00e8s lors optimale dans toutes les situations de conduite. Pour faciliter l\u2019acc\u00e8s, monter ou descendre du v\u00e9hicule, le conducteur peut abaisser l\u2019arri\u00e8re du v\u00e9hicule gr\u00e2ce \u00e0 une t\u00e9l\u00e9commande.<\/p>\n\t<\/div>\n<\/div>\n\n\n\n<\/div><\/div><\/div><div class=\"toggle extra-color-1\" data-inner-wrap=\"true\"><h3 class=\"toggle-title\"><a href=\"#\" class=\"toggle-heading\"><i class=\"fa fa-plus-circle\"><\/i>Le changement de suspension sera-t-il un probl\u00e8me lors du passage au contr\u00f4le technique (initial ou annuel) ?<\/a><\/h3><div><div class=\"inner-toggle-wrap\">\n<div class=\"wpb_text_column wpb_content_element\" >\n\t<div class=\"wpb_wrapper\">\n\t\t<p>Non, tous les syst\u00e8mes que nous montons sont conformes aux normes europ\u00e9ennes. Trapmann air suspension d\u00e9livre l\u2019homologation de la suspension pneumatique de votre v\u00e9hicule, conform\u00e9ment \u00e0 la directive europ\u00e9enne 2007\/46\/EEG.<\/p>\n\t<\/div>\n<\/div>\n\n\n\n<\/div><\/div><\/div><div class=\"toggle extra-color-1\" data-inner-wrap=\"true\"><h3 class=\"toggle-title\"><a href=\"#\" class=\"toggle-heading\"><i class=\"fa fa-plus-circle\"><\/i>Puis-je placer moi-m\u00eame la suspension pneumatique ?<\/a><\/h3><div><div class=\"inner-toggle-wrap\">\n<div class=\"wpb_text_column wpb_content_element\" >\n\t<div class=\"wpb_wrapper\">\n\t\t<p>Pour pouvoir installer vous-m\u00eame des suspensions pneumatiques, vous devez \u00eatre agr\u00e9\u00e9 par Trapmann air suspension &amp; VB Airsuspension. Vous devez disposer d\u2019un COP valable pour pouvoir finaliser vous-m\u00eame l\u2019homologation multi-\u00e9tapes.<\/p>\n\t<\/div>\n<\/div>\n\n\n\n<\/div><\/div><\/div><\/div>\n\n\n\n\n\n\n\n\n\n\n\n\n\n\n\n\n\n\n\n\n\t\t<\/div> \n\t<\/div>\n\t<\/div> \n\n\t<div style=\"\" class=\"vc_col-sm-6 wpb_column column_container vc_column_container col child_column padding-5-percent inherit_tablet inherit_phone\"  data-using-bg=\"true\" data-padding-pos=\"all\" data-has-bg-color=\"true\" data-bg-color=\"#2980b9\" data-bg-opacity=\"1\" data-animation=\"\" data-delay=\"0\" >\n\t\t<div class=\"vc_column-inner\" ><div class=\"column-bg-overlay-wrap column-bg-layer\" data-bg-animation=\"none\"><div class=\"column-bg-overlay\" style=\"opacity: 1; background-color: #2980b9;\"><\/div><\/div>\n\t\t<div class=\"wpb_wrapper\">\n\t\t\t\n<div class=\"wpb_text_column wpb_content_element\" >\n\t<div class=\"wpb_wrapper\">\n\t\t<h2><span style=\"color: #ffffff;\">Renseignez-vous<\/span><\/h2>\n\t<\/div>\n<\/div>\n\n\n\n\n<div class=\"wpb_text_column wpb_content_element\" >\n\t<div class=\"wpb_wrapper\">\n\t\t<p><span style=\"color: #ffffff;\">Chaque client a besoin d'une adaptation sur mesure.\nDemandez-nous des conseils sur les possibilit\u00e9s sp\u00e9cifiques\nque chaque marque de voiture offre\net venez nous visiter pour d\u00e9couvrir des solutions.<\/span><\/p>\n\t<\/div>\n<\/div>\n\n\n\n<div class=\"nectar-cta  alignment_tablet_default alignment_phone_default display_tablet_inherit display_phone_inherit\" data-color=\"default\" data-using-bg=\"false\" data-display=\"block\" data-style=\"underline\" data-alignment=\"left\" data-text-color=\"custom\" ><h6 style=\"color: #ffffff;\"> <span class=\"link_wrap\" ><a  class=\"link_text\" style=\"border-color: #ffffff;\" href=\"http:\/\/staging.airsuspension.be\/contact\">Contactez-nous<\/a><\/span><\/h6><\/div>\n\t\t<\/div> \n\t<\/div>\n\t<\/div> \n<\/div><\/div>\n\t\t\t<\/div> \n\t\t<\/div>\n\t<\/div> \n<\/div><\/div>","protected":false},"excerpt":{"rendered":"Mercedes Vito Terug naar vind uw voertuig Volautomatische luchtvering voor Mercedes-Benz Vito Dankzij kwalitatieve luchtvering in een Mercedes geniet u van beter rijcomfort, en dat is heel wat waard. Een...","protected":false},"author":1,"featured_media":443,"parent":348,"menu_order":0,"comment_status":"closed","ping_status":"closed","template":"","meta":{"footnotes":""},"class_list":["post-540","page","type-page","status-publish","has-post-thumbnail"],"yoast_head":"<!-- This site is optimized with the Yoast SEO plugin v27.3 - https:\/\/yoast.com\/product\/yoast-seo-wordpress\/ -->\n<title>Vito - airsuspension<\/title>\n<meta name=\"robots\" content=\"index, follow, max-snippet:-1, max-image-preview:large, max-video-preview:-1\" \/>\n<link rel=\"canonical\" href=\"https:\/\/www.airsuspension.be\/fr\/vind-uw-voertuig\/mercedes\/vito\/\" \/>\n<meta property=\"og:locale\" content=\"fr_FR\" \/>\n<meta property=\"og:type\" content=\"article\" \/>\n<meta property=\"og:title\" content=\"Vito - airsuspension\" \/>\n<meta property=\"og:url\" content=\"https:\/\/www.airsuspension.be\/fr\/vind-uw-voertuig\/mercedes\/vito\/\" \/>\n<meta property=\"og:site_name\" content=\"airsuspension\" \/>\n<meta property=\"article:publisher\" content=\"https:\/\/www.facebook.com\/TrapmannAirsuspension\" \/>\n<meta property=\"article:modified_time\" content=\"2024-01-31T10:58:45+00:00\" \/>\n<meta property=\"og:image\" content=\"https:\/\/www.airsuspension.be\/wp-content\/uploads\/2022\/10\/e32e063d92c3.png\" \/>\n\t<meta property=\"og:image:width\" content=\"1066\" \/>\n\t<meta property=\"og:image:height\" content=\"597\" \/>\n\t<meta property=\"og:image:type\" content=\"image\/png\" \/>\n<meta name=\"twitter:card\" content=\"summary_large_image\" \/>\n<script type=\"application\/ld+json\" class=\"yoast-schema-graph\">{\"@context\":\"https:\\\/\\\/schema.org\",\"@graph\":[{\"@type\":\"WebPage\",\"@id\":\"https:\\\/\\\/www.airsuspension.be\\\/vind-uw-voertuig\\\/mercedes\\\/vito\\\/\",\"url\":\"https:\\\/\\\/www.airsuspension.be\\\/vind-uw-voertuig\\\/mercedes\\\/vito\\\/\",\"name\":\"Vito - airsuspension\",\"isPartOf\":{\"@id\":\"https:\\\/\\\/www.airsuspension.be\\\/#website\"},\"primaryImageOfPage\":{\"@id\":\"https:\\\/\\\/www.airsuspension.be\\\/vind-uw-voertuig\\\/mercedes\\\/vito\\\/#primaryimage\"},\"image\":{\"@id\":\"https:\\\/\\\/www.airsuspension.be\\\/vind-uw-voertuig\\\/mercedes\\\/vito\\\/#primaryimage\"},\"thumbnailUrl\":\"https:\\\/\\\/www.airsuspension.be\\\/wp-content\\\/uploads\\\/2022\\\/10\\\/e32e063d92c3.png\",\"datePublished\":\"2022-10-17T14:17:33+00:00\",\"dateModified\":\"2024-01-31T10:58:45+00:00\",\"breadcrumb\":{\"@id\":\"https:\\\/\\\/www.airsuspension.be\\\/vind-uw-voertuig\\\/mercedes\\\/vito\\\/#breadcrumb\"},\"inLanguage\":\"fr-BE\",\"potentialAction\":[{\"@type\":\"ReadAction\",\"target\":[\"https:\\\/\\\/www.airsuspension.be\\\/vind-uw-voertuig\\\/mercedes\\\/vito\\\/\"]}]},{\"@type\":\"ImageObject\",\"inLanguage\":\"fr-BE\",\"@id\":\"https:\\\/\\\/www.airsuspension.be\\\/vind-uw-voertuig\\\/mercedes\\\/vito\\\/#primaryimage\",\"url\":\"https:\\\/\\\/www.airsuspension.be\\\/wp-content\\\/uploads\\\/2022\\\/10\\\/e32e063d92c3.png\",\"contentUrl\":\"https:\\\/\\\/www.airsuspension.be\\\/wp-content\\\/uploads\\\/2022\\\/10\\\/e32e063d92c3.png\",\"width\":1066,\"height\":597},{\"@type\":\"BreadcrumbList\",\"@id\":\"https:\\\/\\\/www.airsuspension.be\\\/vind-uw-voertuig\\\/mercedes\\\/vito\\\/#breadcrumb\",\"itemListElement\":[{\"@type\":\"ListItem\",\"position\":1,\"name\":\"Home\",\"item\":\"https:\\\/\\\/www.airsuspension.be\\\/\"},{\"@type\":\"ListItem\",\"position\":2,\"name\":\"Vind uw voertuig\",\"item\":\"https:\\\/\\\/www.airsuspension.be\\\/vind-uw-voertuig\\\/\"},{\"@type\":\"ListItem\",\"position\":3,\"name\":\"Mercedes\",\"item\":\"https:\\\/\\\/www.airsuspension.be\\\/vind-uw-voertuig\\\/mercedes\\\/\"},{\"@type\":\"ListItem\",\"position\":4,\"name\":\"Vito\"}]},{\"@type\":\"WebSite\",\"@id\":\"https:\\\/\\\/www.airsuspension.be\\\/#website\",\"url\":\"https:\\\/\\\/www.airsuspension.be\\\/\",\"name\":\"airsuspension\",\"description\":\"\",\"publisher\":{\"@id\":\"https:\\\/\\\/www.airsuspension.be\\\/#organization\"},\"potentialAction\":[{\"@type\":\"SearchAction\",\"target\":{\"@type\":\"EntryPoint\",\"urlTemplate\":\"https:\\\/\\\/www.airsuspension.be\\\/?s={search_term_string}\"},\"query-input\":{\"@type\":\"PropertyValueSpecification\",\"valueRequired\":true,\"valueName\":\"search_term_string\"}}],\"inLanguage\":\"fr-BE\"},{\"@type\":\"Organization\",\"@id\":\"https:\\\/\\\/www.airsuspension.be\\\/#organization\",\"name\":\"Trapmann Air Suspension\",\"url\":\"https:\\\/\\\/www.airsuspension.be\\\/\",\"logo\":{\"@type\":\"ImageObject\",\"inLanguage\":\"fr-BE\",\"@id\":\"https:\\\/\\\/www.airsuspension.be\\\/#\\\/schema\\\/logo\\\/image\\\/\",\"url\":\"https:\\\/\\\/www.airsuspension.be\\\/wp-content\\\/uploads\\\/2022\\\/10\\\/header-logo-2.png\",\"contentUrl\":\"https:\\\/\\\/www.airsuspension.be\\\/wp-content\\\/uploads\\\/2022\\\/10\\\/header-logo-2.png\",\"width\":596,\"height\":244,\"caption\":\"Trapmann Air Suspension\"},\"image\":{\"@id\":\"https:\\\/\\\/www.airsuspension.be\\\/#\\\/schema\\\/logo\\\/image\\\/\"},\"sameAs\":[\"https:\\\/\\\/www.facebook.com\\\/TrapmannAirsuspension\"]}]}<\/script>\n<!-- \/ Yoast SEO plugin. -->","yoast_head_json":{"title":"Vito - airsuspension","robots":{"index":"index","follow":"follow","max-snippet":"max-snippet:-1","max-image-preview":"max-image-preview:large","max-video-preview":"max-video-preview:-1"},"canonical":"https:\/\/www.airsuspension.be\/fr\/vind-uw-voertuig\/mercedes\/vito\/","og_locale":"fr_FR","og_type":"article","og_title":"Vito - airsuspension","og_url":"https:\/\/www.airsuspension.be\/fr\/vind-uw-voertuig\/mercedes\/vito\/","og_site_name":"airsuspension","article_publisher":"https:\/\/www.facebook.com\/TrapmannAirsuspension","article_modified_time":"2024-01-31T10:58:45+00:00","og_image":[{"width":1066,"height":597,"url":"https:\/\/www.airsuspension.be\/wp-content\/uploads\/2022\/10\/e32e063d92c3.png","type":"image\/png"}],"twitter_card":"summary_large_image","schema":{"@context":"https:\/\/schema.org","@graph":[{"@type":"WebPage","@id":"https:\/\/www.airsuspension.be\/vind-uw-voertuig\/mercedes\/vito\/","url":"https:\/\/www.airsuspension.be\/vind-uw-voertuig\/mercedes\/vito\/","name":"Vito - airsuspension","isPartOf":{"@id":"https:\/\/www.airsuspension.be\/#website"},"primaryImageOfPage":{"@id":"https:\/\/www.airsuspension.be\/vind-uw-voertuig\/mercedes\/vito\/#primaryimage"},"image":{"@id":"https:\/\/www.airsuspension.be\/vind-uw-voertuig\/mercedes\/vito\/#primaryimage"},"thumbnailUrl":"https:\/\/www.airsuspension.be\/wp-content\/uploads\/2022\/10\/e32e063d92c3.png","datePublished":"2022-10-17T14:17:33+00:00","dateModified":"2024-01-31T10:58:45+00:00","breadcrumb":{"@id":"https:\/\/www.airsuspension.be\/vind-uw-voertuig\/mercedes\/vito\/#breadcrumb"},"inLanguage":"fr-BE","potentialAction":[{"@type":"ReadAction","target":["https:\/\/www.airsuspension.be\/vind-uw-voertuig\/mercedes\/vito\/"]}]},{"@type":"ImageObject","inLanguage":"fr-BE","@id":"https:\/\/www.airsuspension.be\/vind-uw-voertuig\/mercedes\/vito\/#primaryimage","url":"https:\/\/www.airsuspension.be\/wp-content\/uploads\/2022\/10\/e32e063d92c3.png","contentUrl":"https:\/\/www.airsuspension.be\/wp-content\/uploads\/2022\/10\/e32e063d92c3.png","width":1066,"height":597},{"@type":"BreadcrumbList","@id":"https:\/\/www.airsuspension.be\/vind-uw-voertuig\/mercedes\/vito\/#breadcrumb","itemListElement":[{"@type":"ListItem","position":1,"name":"Home","item":"https:\/\/www.airsuspension.be\/"},{"@type":"ListItem","position":2,"name":"Vind uw voertuig","item":"https:\/\/www.airsuspension.be\/vind-uw-voertuig\/"},{"@type":"ListItem","position":3,"name":"Mercedes","item":"https:\/\/www.airsuspension.be\/vind-uw-voertuig\/mercedes\/"},{"@type":"ListItem","position":4,"name":"Vito"}]},{"@type":"WebSite","@id":"https:\/\/www.airsuspension.be\/#website","url":"https:\/\/www.airsuspension.be\/","name":"airsuspension","description":"","publisher":{"@id":"https:\/\/www.airsuspension.be\/#organization"},"potentialAction":[{"@type":"SearchAction","target":{"@type":"EntryPoint","urlTemplate":"https:\/\/www.airsuspension.be\/?s={search_term_string}"},"query-input":{"@type":"PropertyValueSpecification","valueRequired":true,"valueName":"search_term_string"}}],"inLanguage":"fr-BE"},{"@type":"Organization","@id":"https:\/\/www.airsuspension.be\/#organization","name":"Trapmann Air Suspension","url":"https:\/\/www.airsuspension.be\/","logo":{"@type":"ImageObject","inLanguage":"fr-BE","@id":"https:\/\/www.airsuspension.be\/#\/schema\/logo\/image\/","url":"https:\/\/www.airsuspension.be\/wp-content\/uploads\/2022\/10\/header-logo-2.png","contentUrl":"https:\/\/www.airsuspension.be\/wp-content\/uploads\/2022\/10\/header-logo-2.png","width":596,"height":244,"caption":"Trapmann Air Suspension"},"image":{"@id":"https:\/\/www.airsuspension.be\/#\/schema\/logo\/image\/"},"sameAs":["https:\/\/www.facebook.com\/TrapmannAirsuspension"]}]}},"_links":{"self":[{"href":"https:\/\/www.airsuspension.be\/fr\/wp-json\/wp\/v2\/pages\/540","targetHints":{"allow":["GET"]}}],"collection":[{"href":"https:\/\/www.airsuspension.be\/fr\/wp-json\/wp\/v2\/pages"}],"about":[{"href":"https:\/\/www.airsuspension.be\/fr\/wp-json\/wp\/v2\/types\/page"}],"author":[{"embeddable":true,"href":"https:\/\/www.airsuspension.be\/fr\/wp-json\/wp\/v2\/users\/1"}],"replies":[{"embeddable":true,"href":"https:\/\/www.airsuspension.be\/fr\/wp-json\/wp\/v2\/comments?post=540"}],"version-history":[{"count":5,"href":"https:\/\/www.airsuspension.be\/fr\/wp-json\/wp\/v2\/pages\/540\/revisions"}],"predecessor-version":[{"id":734,"href":"https:\/\/www.airsuspension.be\/fr\/wp-json\/wp\/v2\/pages\/540\/revisions\/734"}],"up":[{"embeddable":true,"href":"https:\/\/www.airsuspension.be\/fr\/wp-json\/wp\/v2\/pages\/348"}],"wp:featuredmedia":[{"embeddable":true,"href":"https:\/\/www.airsuspension.be\/fr\/wp-json\/wp\/v2\/media\/443"}],"wp:attachment":[{"href":"https:\/\/www.airsuspension.be\/fr\/wp-json\/wp\/v2\/media?parent=540"}],"curies":[{"name":"wp","href":"https:\/\/api.w.org\/{rel}","templated":true}]}}